{"id":854,"date":"2023-05-03T17:42:34","date_gmt":"2023-05-03T17:42:34","guid":{"rendered":"https:\/\/cunhacoutinhosaude.pt\/?page_id=854"},"modified":"2026-02-27T15:32:53","modified_gmt":"2026-02-27T15:32:53","slug":"jose-da-cunha-coutinho","status":"publish","type":"page","link":"https:\/\/cunhacoutinhosaude.pt\/en\/a-clinica\/jose-da-cunha-coutinho\/","title":{"rendered":"Jos\u00e9 da Cunha Coutinho"},"content":{"rendered":"<div data-elementor-type=\"wp-page\" data-elementor-id=\"854\" class=\"elementor elementor-854\" data-elementor-post-type=\"page\">\n\t\t\t\t\t\t<section class=\"elementor-section elementor-top-section elementor-element elementor-element-df9f899 elementor-section-full_width elementor-section-height-min-height elementor-section-items-stretch elementor-section-content-middle elementor-section-height-default\" data-id=\"df9f899\" data-element_type=\"section\" data-settings=\"{&quot;background_background&quot;:&quot;classic&quot;}\">\n\t\t\t\t\t\t\t<div class=\"elementor-background-overlay\"><\/div>\n\t\t\t\t\t\t\t<div class=\"elementor-container elementor-column-gap-default\">\n\t\t\t\t\t<div class=\"elementor-column elementor-col-100 elementor-top-column elementor-element elementor-element-d3e49b0\" data-id=\"d3e49b0\" data-element_type=\"column\" data-settings=\"{&quot;background_background&quot;:&quot;classic&quot;}\">\n\t\t\t<div class=\"elementor-widget-wrap elementor-element-populated\">\n\t\t\t\t\t\t<div class=\"elementor-element elementor-element-d533f46 elementor-widget elementor-widget-breadcrumbs\" data-id=\"d533f46\" data-element_type=\"widget\" data-widget_type=\"breadcrumbs.default\">\n\t\t\t\t<div class=\"elementor-widget-container\">\n\t\t\t\t\t<p id=\"breadcrumbs\"><span><span><a href=\"https:\/\/cunhacoutinhosaude.pt\/en\/\">Home<\/a><\/span><\/span><\/p>\t\t\t\t<\/div>\n\t\t\t\t<\/div>\n\t\t\t\t\t<\/div>\n\t\t<\/div>\n\t\t\t\t\t<\/div>\n\t\t<\/section>\n\t\t\t\t<section class=\"elementor-section elementor-top-section elementor-element elementor-element-708867e elementor-section-full_width elementor-section-height-default elementor-section-height-default\" data-id=\"708867e\" data-element_type=\"section\" data-settings=\"{&quot;background_background&quot;:&quot;classic&quot;}\">\n\t\t\t\t\t\t<div class=\"elementor-container elementor-column-gap-default\">\n\t\t\t\t\t<div class=\"elementor-column elementor-col-50 elementor-top-column elementor-element elementor-element-b513715 .img\" data-id=\"b513715\" data-element_type=\"column\">\n\t\t\t<div class=\"elementor-widget-wrap elementor-element-populated\">\n\t\t\t\t\t\t<div class=\"elementor-element elementor-element-71fbba7 elementor-widget__width-initial elementor-widget elementor-widget-image\" data-id=\"71fbba7\" data-element_type=\"widget\" data-widget_type=\"image.default\">\n\t\t\t\t<div class=\"elementor-widget-container\">\n\t\t\t\t\t\t\t\t\t\t\t\t\t\t\t<img fetchpriority=\"high\" decoding=\"async\" width=\"1707\" height=\"2560\" src=\"https:\/\/cunhacoutinhosaude.pt\/wp-content\/uploads\/2023\/04\/Cunha-Coutinho-Saude-azanhastudio-038-scaled.jpg\" class=\"attachment-full size-full wp-image-700\" alt=\"\" srcset=\"https:\/\/cunhacoutinhosaude.pt\/wp-content\/uploads\/2023\/04\/Cunha-Coutinho-Saude-azanhastudio-038-scaled.jpg 1707w, https:\/\/cunhacoutinhosaude.pt\/wp-content\/uploads\/2023\/04\/Cunha-Coutinho-Saude-azanhastudio-038-200x300.jpg 200w, https:\/\/cunhacoutinhosaude.pt\/wp-content\/uploads\/2023\/04\/Cunha-Coutinho-Saude-azanhastudio-038-683x1024.jpg 683w, https:\/\/cunhacoutinhosaude.pt\/wp-content\/uploads\/2023\/04\/Cunha-Coutinho-Saude-azanhastudio-038-768x1152.jpg 768w, https:\/\/cunhacoutinhosaude.pt\/wp-content\/uploads\/2023\/04\/Cunha-Coutinho-Saude-azanhastudio-038-1024x1536.jpg 1024w, https:\/\/cunhacoutinhosaude.pt\/wp-content\/uploads\/2023\/04\/Cunha-Coutinho-Saude-azanhastudio-038-1365x2048.jpg 1365w\" sizes=\"(max-width: 1707px) 100vw, 1707px\" \/>\t\t\t\t\t\t\t\t\t\t\t\t\t\t\t<\/div>\n\t\t\t\t<\/div>\n\t\t\t\t\t<\/div>\n\t\t<\/div>\n\t\t\t\t<div class=\"elementor-column elementor-col-50 elementor-top-column elementor-element elementor-element-45d145c\" data-id=\"45d145c\" data-element_type=\"column\">\n\t\t\t<div class=\"elementor-widget-wrap elementor-element-populated\">\n\t\t\t\t\t\t<div class=\"elementor-element elementor-element-cc8ee7b elementor-widget elementor-widget-heading\" data-id=\"cc8ee7b\" data-element_type=\"widget\" data-widget_type=\"heading.default\">\n\t\t\t\t<div class=\"elementor-widget-container\">\n\t\t\t\t\t<h2 class=\"elementor-heading-title elementor-size-default\">Doctor<\/h2>\t\t\t\t<\/div>\n\t\t\t\t<\/div>\n\t\t\t\t<div class=\"elementor-element elementor-element-9294fc6 elementor-widget elementor-widget-heading\" data-id=\"9294fc6\" data-element_type=\"widget\" data-widget_type=\"heading.default\">\n\t\t\t\t<div class=\"elementor-widget-container\">\n\t\t\t\t\t<h2 class=\"elementor-heading-title elementor-size-default\">Jos\u00e9 da Cunha Coutinho<\/h2>\t\t\t\t<\/div>\n\t\t\t\t<\/div>\n\t\t\t\t<div class=\"elementor-element elementor-element-d28b21c elementor-widget elementor-widget-heading\" data-id=\"d28b21c\" data-element_type=\"widget\" data-widget_type=\"heading.default\">\n\t\t\t\t<div class=\"elementor-widget-container\">\n\t\t\t\t\t<h2 class=\"elementor-heading-title elementor-size-default\">General Information<\/h2>\t\t\t\t<\/div>\n\t\t\t\t<\/div>\n\t\t\t\t<div class=\"elementor-element elementor-element-ab46ddd elementor-widget elementor-widget-text-editor\" data-id=\"ab46ddd\" data-element_type=\"widget\" data-widget_type=\"text-editor.default\">\n\t\t\t\t<div class=\"elementor-widget-container\">\n\t\t\t\t\t\t\t\t\t<p><span style=\"font-weight: 400;\">\u2013 Degree in Medicine from the Faculty of Medicine of the University of Coimbra<\/span><\/p><p><span style=\"font-weight: 400;\">\u2013 Specialist in General Medicine (DL 251\/95 of 21\/9)<\/span><\/p><p><span style=\"font-weight: 400;\">\u2013 Specialist in Stomatology (Speciality of the Portuguese Medical Association)<\/span><\/p><p><span style=\"font-weight: 400;\">\u2013 Specialist in Orthodontics (subspeciality of the Portuguese Medical Association)<\/span><\/p><p><span style=\"font-weight: 400;\">\u2013 Specialist in Health Unit Management (Competence of the Portuguese Medical Association)<\/span><\/p>\t\t\t\t\t\t\t\t<\/div>\n\t\t\t\t<\/div>\n\t\t\t\t\t<\/div>\n\t\t<\/div>\n\t\t\t\t\t<\/div>\n\t\t<\/section>\n\t\t\t\t<section class=\"elementor-section elementor-top-section elementor-element elementor-element-31c7d49 elementor-section-full_width elementor-section-height-default elementor-section-height-default\" data-id=\"31c7d49\" data-element_type=\"section\">\n\t\t\t\t\t\t<div class=\"elementor-container elementor-column-gap-default\">\n\t\t\t\t\t<div class=\"elementor-column elementor-col-100 elementor-top-column elementor-element elementor-element-bc2475f\" data-id=\"bc2475f\" data-element_type=\"column\">\n\t\t\t<div class=\"elementor-widget-wrap elementor-element-populated\">\n\t\t\t\t\t\t<div class=\"elementor-element elementor-element-a86fd44 elementor-tabs-view-horizontal elementor-widget elementor-widget-tabs\" data-id=\"a86fd44\" data-element_type=\"widget\" data-widget_type=\"tabs.default\">\n\t\t\t\t<div class=\"elementor-widget-container\">\n\t\t\t\t\t\t\t<div class=\"elementor-tabs\">\n\t\t\t<div class=\"elementor-tabs-wrapper\" role=\"tablist\" >\n\t\t\t\t\t\t\t\t\t<div id=\"elementor-tab-title-1761\" class=\"elementor-tab-title elementor-tab-desktop-title\" aria-selected=\"true\" data-tab=\"1\" role=\"tab\" tabindex=\"0\" aria-controls=\"elementor-tab-content-1761\" aria-expanded=\"false\">Medical Internships<\/div>\n\t\t\t\t\t\t\t\t\t<div id=\"elementor-tab-title-1762\" class=\"elementor-tab-title elementor-tab-desktop-title\" aria-selected=\"false\" data-tab=\"2\" role=\"tab\" tabindex=\"-1\" aria-controls=\"elementor-tab-content-1762\" aria-expanded=\"false\">General Internship<\/div>\n\t\t\t\t\t\t\t\t\t<div id=\"elementor-tab-title-1763\" class=\"elementor-tab-title elementor-tab-desktop-title\" aria-selected=\"false\" data-tab=\"3\" role=\"tab\" tabindex=\"-1\" aria-controls=\"elementor-tab-content-1763\" aria-expanded=\"false\">Further Education<\/div>\n\t\t\t\t\t\t\t\t\t<div id=\"elementor-tab-title-1764\" class=\"elementor-tab-title elementor-tab-desktop-title\" aria-selected=\"false\" data-tab=\"4\" role=\"tab\" tabindex=\"-1\" aria-controls=\"elementor-tab-content-1764\" aria-expanded=\"false\">Academic Activity<\/div>\n\t\t\t\t\t\t\t\t\t<div id=\"elementor-tab-title-1765\" class=\"elementor-tab-title elementor-tab-desktop-title\" aria-selected=\"false\" data-tab=\"5\" role=\"tab\" tabindex=\"-1\" aria-controls=\"elementor-tab-content-1765\" aria-expanded=\"false\">University Management Functions<\/div>\n\t\t\t\t\t\t\t\t\t<div id=\"elementor-tab-title-1766\" class=\"elementor-tab-title elementor-tab-desktop-title\" aria-selected=\"false\" data-tab=\"6\" role=\"tab\" tabindex=\"-1\" aria-controls=\"elementor-tab-content-1766\" aria-expanded=\"false\">Communications<\/div>\n\t\t\t\t\t\t\t<\/div>\n\t\t\t<div class=\"elementor-tabs-content-wrapper\" role=\"tablist\" aria-orientation=\"vertical\">\n\t\t\t\t\t\t\t\t\t<div class=\"elementor-tab-title elementor-tab-mobile-title\" aria-selected=\"true\" data-tab=\"1\" role=\"tab\" tabindex=\"0\" aria-controls=\"elementor-tab-content-1761\" aria-expanded=\"false\">Medical Internships<\/div>\n\t\t\t\t\t<div id=\"elementor-tab-content-1761\" class=\"elementor-tab-content elementor-clearfix\" data-tab=\"1\" role=\"tabpanel\" aria-labelledby=\"elementor-tab-title-1761\" tabindex=\"0\" hidden=\"false\"><p><span style=\"font-weight: 400;\">\u2013 Complementary Internship in Stomatology :<\/span><\/p><p><span style=\"font-weight: 400;\">\u2013 Stomatology, in the Stomatology Department of Pulido Valente Hospital, Lisbon. Two years. 1st year 17.3 marks (Very Good) and 2nd year 18 marks (Very Good).<\/span><\/p><p><span style=\"font-weight: 400;\">\u2013 Pathological Anatomy, Escola Superior de Medicina Dent\u00e1ria de Lisboa, Department of Oral Histomorphology. Three months. 20 marks (Very Good with Distinction).<\/span><\/p><p><span style=\"font-weight: 400;\">\u2013 Maxillofacial Surgery, Hospital de S\u00e3o Jos\u00e9, Maxillofacial Surgery Service. One year. 17.8 marks (Very Good).<\/span><\/p><p><span style=\"font-weight: 400;\">\u2013 Oral Oncology, at I.P.O. - Instituto Portugu\u00eas de Oncologia Dr Francisco Gentil, Stomatology Service. Four months. 16.4 marks (Good)<\/span><\/p><p><span style=\"font-weight: 400;\">\u2013 Otorhinolaryngology, at the Egas Moniz Hospital, University Clinic of Otorhinolaryngology. Three months. 18 marks (Very Good).<\/span><\/p><p><span style=\"font-weight: 400;\">\u2013 General Surgery, at Hospital de S. Jos\u00e9, Service Three of General Surgery. Six months. 18.4 marks (Very Good).<\/span><\/p><p><span style=\"font-weight: 400;\">\u2013 Plastic Surgery and Burns Unit, D.Estef\u00e2nia Hospital. Activity centred on congenital craniofacial malformations, namely cleft lip and palate, having collaborated in numerous surgeries. Seven and a half months.<\/span><\/p><p><span style=\"font-weight: 400;\">\u2013 Emergency in Maxillofacial Surgery, at the Hospital de S. Jos\u00e9, Emergency Department.<\/span><\/p><\/div>\n\t\t\t\t\t\t\t\t\t<div class=\"elementor-tab-title elementor-tab-mobile-title\" aria-selected=\"false\" data-tab=\"2\" role=\"tab\" tabindex=\"-1\" aria-controls=\"elementor-tab-content-1762\" aria-expanded=\"false\">General Internship<\/div>\n\t\t\t\t\t<div id=\"elementor-tab-content-1762\" class=\"elementor-tab-content elementor-clearfix\" data-tab=\"2\" role=\"tabpanel\" aria-labelledby=\"elementor-tab-title-1762\" tabindex=\"0\" hidden=\"hidden\"><p><span style=\"font-weight: 400;\">\u2013 Internal Medicine, in the Infectious Diseases Department of Curry Cabral Hospital, Lisbon. Two months.<\/span><\/p><p><span style=\"font-weight: 400;\">\u2013 Internal Medicine, at the University Clinic of Medicine III of the Faculty of Medical Sciences of the New University of Lisbon, Pulido Valente Hospital, Lisbon. Four months.<\/span><\/p><p><span style=\"font-weight: 400;\">\u2013 General Surgery, at the University Clinic of General and Digestive Surgery of the Faculty of Medical Sciences of the New University of Lisbon, Pulido Valente Hospital, Lisbon. Six months.<\/span><\/p><p><span style=\"font-weight: 400;\">\u2013 Stomatology, at the Stomatology Service of the Hospital de S. Jos\u00e9, Lisbon. One month.<\/span><\/p><p><span style=\"font-weight: 400;\">\u2013 Paediatrics, in the Newborn Unit (U.R.N.) of the Magalh\u00e3es Coutinho Maternity Hospital, Lisbon. Three months.<\/span><\/p><p><span style=\"font-weight: 400;\">\u2013 Paediatrics, at the Paediatric Medicine Unit of the D. Estef\u00e2nia Hospital, Lisbon. Three months.<\/span><\/p><p><span style=\"font-weight: 400;\">\u2013 Ambulatory Care, at the Administra\u00e7\u00e3o Regional de Sa\u00fade de Lisboa, Centro de Sa\u00fade do Cora\u00e7\u00e3o de Jesus, Lisbon. Six months.<\/span><\/p><p><span style=\"font-weight: 400;\">\u2013 Gynaecology, at the Obstetrics Service - Pathological Puerperae, Dr Alfredo da Costa Maternity Hospital, Lisbon.<\/span><\/p><p><span style=\"font-weight: 400;\">\u2013 Gynaecology, at the Obstetrics Service - Isolation, Dr Alfredo da Costa Maternity Hospital, Lisbon.<\/span><\/p><p><span style=\"font-weight: 400;\">\u2013 Gynaecology, in the Gynaecology Department of the Dr Alfredo da Costa Maternity Hospital, Lisbon.<\/span><\/p><p><span style=\"font-weight: 400;\">\u2013 Gynaecology, in the Obstetrics - Prenatal Service, Dr Alfredo da Costa Maternity Hospital, Lisbon.<\/span><\/p><p><span style=\"font-weight: 400;\">\u2013 Medical and Surgical Emergency, in the Common Emergency Service of the Civil Hospitals of Lisbon, Hospital S. Jos\u00e9.<\/span><\/p><p><span style=\"font-weight: 400;\">\u2013 Paediatric Emergency, in the Emergency Department - Medicine, D. Estef\u00e2nia Hospital, Lisbon.<\/span><\/p><p><span style=\"font-weight: 400;\">\u2013 Gynaecological Emergency, at the Emergency Department, Dr Alfredo da Costa Maternity Hospital, Lisbon.<\/span><\/p><p><span style=\"font-weight: 400;\">\u2013 Pneumology, in the Pneumology 2, Physiopathology, Respiratory Clinic, Pulido Valente Hospital, Lisbon. Four months.<\/span><\/p><\/div>\n\t\t\t\t\t\t\t\t\t<div class=\"elementor-tab-title elementor-tab-mobile-title\" aria-selected=\"false\" data-tab=\"3\" role=\"tab\" tabindex=\"-1\" aria-controls=\"elementor-tab-content-1763\" aria-expanded=\"false\">Further Education<\/div>\n\t\t\t\t\t<div id=\"elementor-tab-content-1763\" class=\"elementor-tab-content elementor-clearfix\" data-tab=\"3\" role=\"tabpanel\" aria-labelledby=\"elementor-tab-title-1763\" tabindex=\"0\" hidden=\"hidden\"><p><span style=\"font-weight: 400;\">\u2013 Stomatology Clinical Sessions 2020. Virtual Seminars with weekly frequency promoted by the University Clinic of Stomatology of the Faculty of Medicine of Lisbon and with the support of the Association of Portuguese Stomatologists (AMEP) with various topics on Stomatology and Oral and Maxillofacial Surgery. So far 24 sessions attended (24h)<\/span><\/p><p><span style=\"font-weight: 400;\">\u2013 Training in Ozone in Dental Medicine. Theoretical-Practical Course (16h) with demonstration in patients and training in ozone insufflation model in TMJ's, promoted by O3MED, Caldas da Ra\u00ednha (Portugal), 18 and 19 May 2019.<\/span><\/p><p><span style=\"font-weight: 400;\">\u2013 Financial Management Course in Dentistry.Theoretical-Practical Course (16h) promoted by the Portuguese Institute of the South Atlantic. November 2018<\/span><\/p><p><span style=\"font-weight: 400;\">\u2013 Theoretical-Practical Course Oral Sleep Medicine, (16h) with Hands-On course of mandibular advancement device, promoted by the Portuguese Sleep Association, Lisbon (Portugal), on 13 and 14 May 2016.<\/span><\/p><p><span style=\"font-weight: 400;\">\u2013 National Defence Course 2011\/2012. IDN-Institute of National Defence. Presented and defended the TIF, Final Research Work on the theme \"Private Health Units in the Perspective of Security and Defence\", The defence of the work deserved the final classification of Excellent 18 values. November 2011 to May 2012. Defence of the TIF in April 2013.<\/span><\/p><p><span style=\"font-weight: 400;\">\u2013 Postgraduate Course in Management of Health Units, Portuguese Catholic University, Faculty of Economic and Business Sciences, final average 15 values, 16 October 2008 to 23 April 2010.<\/span><\/p><p><span style=\"font-weight: 400;\">\u2013 IV Dental Marketing Course, Dental Marketing Letter, instructor Jos\u00e9 Linares Fontela, Hotel Lisboa Zenit, Lisbon 26 and 27 July 2009.<\/span><\/p><p><span style=\"font-weight: 400;\">\u2013 Postgraduate Course in Oral and Extra Oral Rehabilitation with Osteointegrated Implants, Faculty of Medicine, University of Porto, 2008.<\/span><\/p><p><span style=\"font-weight: 400;\">\u2013 Implants Course, Prof. Dr. Paulo Maia and Prof. Dr. Francisco Salvado, 4 modules, Lisbon 1 June 2007 to October 2007.<\/span><\/p><p><span style=\"font-weight: 400;\">\u2013 Theoretical and Practical Course on Facial Resurfacing, Rofilan, Reviderme, Dr Esther Hernandez-Pacheco and Dr Alexandra Os\u00f3rio Feij\u00f3o. Lisbon 17 March 2007.<\/span><\/p><p><span style=\"font-weight: 400;\">\u2013 Anti-aging course Sculptra, sanofi aventis, S.A.U., Dr Esther Hernandez-Pacheco and Dr Alexandra Os\u00f3rio Feij\u00f3o. Lisbon 17 March 2007.<\/span><\/p><p><span style=\"font-weight: 400;\">\u2013 Theoretical-Practical Course \"Aesthetic Management of Soft Tissues of the Lower 1\/3\", lip remodelling, wrinkle filling. Volumetry, minimally invasive surgery. Dr Esther Hernandez-Pacheco and Dr Alexandra Os\u00f3rio Feij\u00f3o. 10 hours, Lisbon 17 March 2007.<\/span><\/p><p><span style=\"font-weight: 400;\">\u2013 Postgraduate Course in Implantology, Instituto Superior de Ci\u00eancias da Sa\u00fade do Sul, 2006.<\/span><\/p><p><span style=\"font-weight: 400;\">\u2013 7th Implant\/Prosthodontic Course, Prof. Dr. Fernando Almeida, 10 modules, 70 hours, Lisbon, 7 November 2005 to 19 June 2006.<\/span><\/p><p><span style=\"font-weight: 400;\">\u2013 Course \"Aesthetic Challenges with Composites\", International Center for Dental Education, Dr. Alfonso Arellano, Lisbon, 17 September 2005.<\/span><\/p><p><span style=\"font-weight: 400;\">\u2013 Course \"Nuevas Evoluciones en Cirurgia Bucal\", Association of Portuguese Stomatologists, Stomatology Service, Hospital de Santa Maria, Lisbon 31 May 2003.<\/span><\/p><p><span style=\"font-weight: 400;\">\u2013 Course \"Computer Diagnostic Aids in Orthodontics\", 2 hours, Universidade Moderna, Lisbon 15 March 2003.<\/span><\/p><p><span style=\"font-weight: 400;\">\u2013 Course \"Imaging of the Mouth and Face\", Association of Portuguese Stomatologists, Coimbra, 30 November 2002.<\/span><\/p><p><span style=\"font-weight: 400;\">\u2013 2nd Postgraduate Course in Orthodontics. 270 hours. Held at Moderna University, Lisbon, 30 January 1999 to November 2001.<\/span><\/p><p><span style=\"font-weight: 400;\">\u2013 Periodontology Course integrated in the International Health Days, organised by the Instituto Superior de Ci\u00eancias da Sa\u00fade do Sul, Lisbon, 15 May 1999.<\/span><\/p><p><span style=\"font-weight: 400;\">\u2013 Dentistry Course integrated in the International Health Days, organised by the Instituto Superior de Ci\u00eancias da Sa\u00fade do Sul, Lisbon, 14 May 1999.<\/span><\/p><p><span style=\"font-weight: 400;\">\u2013 Endodontics Course integrated in the International Health Days, organised by the Instituto Superior de Ci\u00eancias da Sa\u00fade do Sul, Lisbon, 13 May 1999.<\/span><\/p><p><span style=\"font-weight: 400;\">\u2013 1st Postgraduate Course in Orthodontics. 252 hours. Held at Moderna University, Lisbon 24 January 1997 to 22 November 1998.<\/span><\/p><p><span style=\"font-weight: 400;\">\u2013 Operative Dentistry Course, given by Prof. Dr. Lu\u00eds Narciso Baratieri, organised by the Portuguese Dental Medical Association, Lisbon, 5 and 6 May 1995.<\/span><\/p><p><span style=\"font-weight: 400;\">\u2013 Second Annual Sensible Implant Dentistry Course, organised by the Implant Dentistry Centre at The Faulkner Hospital &amp; Bicon Dental Implants. Boston, Massachusetts, USA, from 21 to 26 April 1995.<\/span><\/p><p><span style=\"font-weight: 400;\">\u2013 Orthodontic Course, Edgewise Technique, conducted by Prof. Dr. Alain Decker, organised by Universidade Moderna, Lisbon, 19 February 1995.<\/span><\/p><p><span style=\"font-weight: 400;\">\u2013 Post - Graduate Orthodontic Course on the concept and application of the Alexander Discipline, Paris, 23, 24 and 25 October 1994.<\/span><\/p><p><span style=\"font-weight: 400;\">\u2013 Technical - Practical Course in Orthodontics, Straight-Wire Technique, Trevisi Mechanics with the sub-themes Cephalometry, Craniofacial Growth, Theoretical on Corrective Orthodontics, Mechanics on Corrective Orthodontics, Preventive Orthodontic Planning, Practical Class in Typondont. Lisbon, 1992.<\/span><\/p><p><span style=\"font-weight: 400;\">\u2013 Modern Technologies Applied in the Dental Clinic Course, organised by Quintess\u00eancia, Oral Health Journal. Lisbon, 30 November 1991.<\/span><\/p><p><span style=\"font-weight: 400;\">\u2013 Course on Metal-ceramic Fixed Prosthesis, by Dr Genilson da Silva Neto. Lisbon, November 1990.<\/span><\/p><p><span style=\"font-weight: 400;\">\u2013 Oral Rehabilitation Course, coordinated and given by Prof. Dr Juan Salsench Cabr\u00e9. Coimbra, November 1990.<\/span><\/p><p><span style=\"font-weight: 400;\">\u2013 Orthodontics Course integrated in the 3rd Oral Medicine Conference. Jo\u00e3o Paulo II Library of the Portuguese Catholic University, Lisbon, 12-14 May 1989.<\/span><\/p><p><span style=\"font-weight: 400;\">\u2013 Course in Endodontics, by Prof. Dr Angel Lasala. Lisbon, 13 and 14 April 1989.<\/span><\/p><p><span style=\"font-weight: 400;\">\u2013 Oral Oncology Course, by Prof. Dr Armando Pena. I.P.O., Instituto Portugu\u00eas de Oncologia Francisco Gentil, Lisbon, 7 and 8 April 1989.<\/span><\/p><p><span style=\"font-weight: 400;\">\u2013 Course in Clinical Periodontology, by Prof. Dr S. R. Nyman. Lisbon, 17 and 18 March 1989.<\/span><\/p><p><span style=\"font-weight: 400;\">\u2013 Course on Metallic Alloys in Metallic-Ceramic and Metallic-Plastic Fixed Prosthodontics. Alternative alloys to gold, organised by the Discipline of Dental Materials of the Lisbon School of Dental Medicine and sponsored by the Portuguese Society of Stomatology and Dental Medicine. I.P.O., Instituto Portugu\u00eas de Oncologia Francisco Gentil, Lisbon, 30 July 1988.<\/span><\/p><p><span style=\"font-weight: 400;\">\u2013 Amalgam Restoration Course, by Prof. Dr. Dioracy Fonterrada Vieira and Prof. Dr. Jorge Leit\u00e3o, organised by the Dental Materials Discipline of the Lisbon School of Dental Medicine and Sponsored by the Portuguese Society of Stomatology and Dental Medicine. I.P.O., Instituto Portugu\u00eas de Oncologia Francisco Gentil, Lisbon, 22 and 23 July 1988.<\/span><\/p><p><span style=\"font-weight: 400;\">\u2013 Course on the Current State of Knowledge of Composite Resins in Operative Dentistry, by Prof. Dr. Dioracy Fonterrada Vieira and Prof. Dr. Jorge Leit\u00e3o, organised by the Discipline of Dental Materials of the Lisbon School of Dental Medicine and sponsored by the Portuguese Society of Stomatology and Dental Medicine. I.P.O., Instituto Portugu\u00eas de Oncologia Francisco Gentil, Lisbon, 8 and 9 July 1988.<\/span><\/p><p><span style=\"font-weight: 400;\">\u2013 Course on the Current State of Knowledge of Composite Resins in Operative Dentistry, by Prof. Dr. Dioracy Fonterrada Vieira and Prof. Dr. Jorge Leit\u00e3o, organised by the Discipline of Dental Materials of the Lisbon School of Dental Medicine and sponsored by the Portuguese Society of Stomatology and Dental Medicine. I.P.O., Instituto Portugu\u00eas de Oncologia Francisco Gentil, Lisbon, 8 and 9 July 1988.<\/span><\/p><p><span style=\"font-weight: 400;\">\u2013 Cementation Course, by Prof. Dr. Dioracy Fonterrada Vieira and Prof. Dr. Jorge Leit\u00e3o, organised by the Dental Materials Discipline of the Lisbon School of Dental Medicine and Sponsored by the Portuguese Society of Stomatology and Dental Medicine. I.P.O., Instituto Portugu\u00eas de Oncologia Francisco Gentil, Lisbon, 18th June 1988.<\/span><\/p><p><span style=\"font-weight: 400;\">\u2013 Oral Rehabilitation Course, by Prof. Dr. Salomon Kancyper, organised by the Portuguese Society of Stomatology and Dental Medicine. I.P.O., Instituto Portugu\u00eas de Oncologia Francisco Gentil, Lisbon, 15 and 16 June 1988.<\/span><\/p><p><span style=\"font-weight: 400;\">\u2013 Course on Adhesive Prosthesis, by Prof. Dr. Dioracy Fonterrada Vieira and Prof. Dr. Jorge Leit\u00e3o, organised by the Dental Materials Discipline of the Lisbon School of Dental Medicine and sponsored by the Portuguese Society of Stomatology and Dental Medicine. I.P.O., Instituto Portugu\u00eas de Oncologia Francisco Gentil, Lisbon, 28 May 1988.<\/span><\/p><p><span style=\"font-weight: 400;\">\u2013 Course on the Fundamentals of Dentin-Pulp Protection through Cavity Linings, by Prof. Dr. Dioracy Fonterrada Vieira and Prof. Dr. Jorge Leit\u00e3o, organised by the Dental Materials Discipline of the Lisbon School of Dental Medicine and sponsored by the Portuguese Society of Stomatology and Dental Medicine. I.P.O., Instituto Portugu\u00eas de Oncologia Francisco Gentil, Lisbon, 14 May 1988.<\/span><\/p><p><span style=\"font-weight: 400;\">\u2013 Oral Surgery Course integrated in the II Jornadas de Medicina Oral. Lisbon, 29 April to 1 May 1988.<\/span><\/p><p><span style=\"font-weight: 400;\">\u2013 2nd Advanced Course in Biochemistry Applied to Medicine, organised by the Biochemistry Institute of the Faculty of Medicine of Lisbon. Rectory of the University of Lisbon, 14 to 16 December 1987.<\/span><\/p><p><span style=\"font-weight: 400;\">\u2013 1st Immuno-Hematology Course at the D. Estef\u00e2nia Hospital. Lisbon, 28, 29 May, 4, 5, 6 June 1987.<\/span><\/p><p><span style=\"font-weight: 400;\">\u2013 4th Dr Carlos George Improvement Course for Post-Graduates. Hospital de Santa Marta, Lisbon, 17 to 24 April 1986.<\/span><\/p><p><span style=\"font-weight: 400;\">\u2013 Faculty of Medicine, Universidade Cl\u00e1ssica de Lisboa. 20th Pneumology Course for Postgraduates, 1 to 4 April 1987.<\/span><\/p><p><span style=\"font-weight: 400;\">\u2013 VII Postgraduate Course in Endocrinology, sponsored by: Universidade Cl\u00e1ssica de Lisboa; Conselho Cient\u00edfico da Faculdade de Medicina de Lisboa; Sociedade Portuguesa de Endocrinologia; and Acta M\u00e9dica Portuguesa. Lisbon, 16-17 March 1987.<\/span><\/p><p><span style=\"font-weight: 400;\">\u2013 IV Postgraduate Course in Andrology sponsored by: Universidade Cl\u00e1ssica de Lisboa; Conselho Cient\u00edfico da Faculdade de Medicina de Lisboa; Sociedade Portuguesa de Andrologia; and Acta M\u00e9dica Portuguesa. Lisbon, 17 to 18 March 1987.<\/span><\/p><p><span style=\"font-weight: 400;\">\u2013 Faculty of Medicine of the Universidade Cl\u00e1ssica de Lisboa. 19th Pneumology Course for Postgraduates, 19 to 22 March 1986.<\/span><\/p><p><span style=\"font-weight: 400;\">\u2013 Coll\u00e9ge d'Enseignement Post-Universitaire de Radiologie (C.E.P.U.R.). Refresher Course. Lisbon, May 1978.<\/span><\/p><\/div>\n\t\t\t\t\t\t\t\t\t<div class=\"elementor-tab-title elementor-tab-mobile-title\" aria-selected=\"false\" data-tab=\"4\" role=\"tab\" tabindex=\"-1\" aria-controls=\"elementor-tab-content-1764\" aria-expanded=\"false\">Academic Activity<\/div>\n\t\t\t\t\t<div id=\"elementor-tab-content-1764\" class=\"elementor-tab-content elementor-clearfix\" data-tab=\"4\" role=\"tabpanel\" aria-labelledby=\"elementor-tab-title-1764\" tabindex=\"0\" hidden=\"hidden\"><p><span style=\"font-weight: 400;\">\u2013 Executive Director of the Centre for the Study of New Technologies in Medicine at the Universidad Moderna, from 2 March 1994 to 8 June 2003.<\/span><\/p><p><span style=\"font-weight: 400;\">\u2013 Member of the Patronage of the Fundacion Pierre Fauchard, Madrid, 8 April 1996.<\/span><\/p><p><span style=\"font-weight: 400;\">\u2013 Coordinator of the EIROI - Ibero-American School of Oral Rehabilitation and Implants for Portugal. Barcelona, 4 March 1996.<\/span><\/p><p><span style=\"font-weight: 400;\">\u2013 Member of the Faculty for Portugal of CIDESID - International Centre for Higher Studies in Dental Implantology, Barcelona. 4 March 1996.<\/span><\/p><p><span style=\"font-weight: 400;\">\u2013 Guest lecturer in Orthodontics at the Dental Medicine Degree Programme of the Instituto Superior de Ci\u00eancias da Sa\u00fade do Sul.<\/span><\/p><p><span style=\"font-weight: 400;\">\u2013 Participation in more than one hundred Congresses, Wokshp`s, Scientific Meetings, Symposiums, Conferences, Colloquia, among other scientific meetings.<\/span><\/p><\/div>\n\t\t\t\t\t\t\t\t\t<div class=\"elementor-tab-title elementor-tab-mobile-title\" aria-selected=\"false\" data-tab=\"5\" role=\"tab\" tabindex=\"-1\" aria-controls=\"elementor-tab-content-1765\" aria-expanded=\"false\">University Management Functions<\/div>\n\t\t\t\t\t<div id=\"elementor-tab-content-1765\" class=\"elementor-tab-content elementor-clearfix\" data-tab=\"5\" role=\"tabpanel\" aria-labelledby=\"elementor-tab-title-1765\" tabindex=\"0\" hidden=\"hidden\"><p><span style=\"font-weight: 400;\">\u2013 Board of the Faculty of Medicine of the Universidade Cl\u00e1ssica de Lisboa. 1979\/80 e 1980\/81.<\/span><\/p><p><span style=\"font-weight: 400;\">\u2013 Assembly of Representatives of the Faculty of Medicine of the Universidade Cl\u00e1ssica de Lisboa. 1977\/78, 1978\/79 e 1979\/80.<\/span><\/p><\/div>\n\t\t\t\t\t\t\t\t\t<div class=\"elementor-tab-title elementor-tab-mobile-title\" aria-selected=\"false\" data-tab=\"6\" role=\"tab\" tabindex=\"-1\" aria-controls=\"elementor-tab-content-1766\" aria-expanded=\"false\">Communications<\/div>\n\t\t\t\t\t<div id=\"elementor-tab-content-1766\" class=\"elementor-tab-content elementor-clearfix\" data-tab=\"6\" role=\"tabpanel\" aria-labelledby=\"elementor-tab-title-1766\" tabindex=\"0\" hidden=\"hidden\"><p><span style=\"font-weight: 400;\">\u2013 \"Interesting Aspects Related to Teeth\" Communication presented to the Portuguese Society of Archaeological Stomatology within the scope of the activity of its Section of History of Dental Medicine. School of Dental Medicine. Lisbon, 1992.<\/span><\/p><p><span style=\"font-weight: 400;\">\u2013 \"Study of Environmental Enamel Hypoplasia in the population of Lisbon\". Communication to the 3rd Hospital Days of Stomatology and Maxillofacial Surgery. Coimbra, 1990.<\/span><\/p><p><span style=\"font-weight: 400;\">\u2013 \u201cNovas t\u00e9cnicas no estudo das popula\u00e7\u00f5es arcaicas pelas hipoplasias heredit\u00e1rias no esmalte\u201d Communication presented in the section of Physical Anthropology, of the IV Jornadas Arqueol\u00f3gicas. Lisbon, 1990.<\/span><\/p><p><span style=\"font-weight: 400;\">\u2013 \"Estudo das Hipoplasias do Esmalte Dent\u00e1rio de material de um Cemit\u00e9rio do s\u00e9c. XVIII (Monsaraz) \u201c. Paper presented at the Physical Anthropology Section of the IV Galaico-Mi\u00f1oto Colloquium. Lugo, 1990.<\/span><\/p><p><span style=\"font-weight: 400;\">\u2013 \"Hereditary Hypoplasias\" Paper presented at the Physical Anthropology section of the VI Archaeological Colloquium of Viseu, 1990.<\/span><\/p><p><span style=\"font-weight: 400;\">\u2013 \"Skeletal Removable Partial Prosthesis. Clinical Aspects\" Review paper presented at the clinical meeting of the Stomatology Service of the Pulido Valente Hospital. Lisbon, 1989.<\/span><\/p><p><span style=\"font-weight: 400;\">\u2013 \"Non-Odontogenic Maxillary Cysts and Pseudocysts\" Review paper presented at a clinical meeting of the Stomatology Service of the Pulido Valente Hospital. Lisbon, 1989.<\/span><\/p><p><span style=\"font-weight: 400;\">\u2013 Odontogenic Maxillary Cysts\" Review paper presented at a clinical meeting of the Stomatology Service of the Pulido Valente Hospital. Lisbon, 1989.<\/span><\/p><p><span style=\"font-weight: 400;\">\u2013 \"Dermatological Lesions with Oral Repercussion\" Review paper presented at a clinical meeting of the Stomatology Service of the Pulido Valente Hospital. Lisbon, 1988.<\/span><\/p><p><span style=\"font-weight: 400;\">\u2013 \"Cardiopathies and Stomatological Treatments\" Review paper presented at a clinical meeting of the Stomatology Service of the Pulido Valente Hospital. Lisbon, 1988.<\/span><\/p><p><span style=\"font-weight: 400;\">\u2013 \"Anesthesia in Stomatological Practice\" Review paper presented at a clinical meeting of the Stomatology Service of the Pulido Valente Hospital. Lisbon, 1988.<\/span><\/p><\/div>\n\t\t\t\t\t\t\t<\/div>\n\t\t<\/div>\n\t\t\t\t\t\t<\/div>\n\t\t\t\t<\/div>\n\t\t\t\t\t<\/div>\n\t\t<\/div>\n\t\t\t\t\t<\/div>\n\t\t<\/section>\n\t\t\t\t<section class=\"elementor-section elementor-top-section elementor-element elementor-element-372c2f1 elementor-section-height-min-height elementor-section-boxed elementor-section-height-default elementor-section-items-middle\" data-id=\"372c2f1\" data-element_type=\"section\" data-settings=\"{&quot;background_background&quot;:&quot;classic&quot;}\">\n\t\t\t\t\t\t\t<div class=\"elementor-background-overlay\"><\/div>\n\t\t\t\t\t\t\t<div class=\"elementor-container elementor-column-gap-default\">\n\t\t\t\t\t<div class=\"elementor-column elementor-col-100 elementor-top-column elementor-element elementor-element-96eb19c\" data-id=\"96eb19c\" data-element_type=\"column\">\n\t\t\t<div class=\"elementor-widget-wrap elementor-element-populated\">\n\t\t\t\t\t\t<div class=\"elementor-element elementor-element-1e2d0d7 elementor-widget elementor-widget-heading\" data-id=\"1e2d0d7\" data-element_type=\"widget\" data-widget_type=\"heading.default\">\n\t\t\t\t<div class=\"elementor-widget-container\">\n\t\t\t\t\t<h2 class=\"elementor-heading-title elementor-size-default\">Appointment Request<\/h2>\t\t\t\t<\/div>\n\t\t\t\t<\/div>\n\t\t\t\t<div class=\"elementor-element elementor-element-981a082 elementor-widget elementor-widget-text-editor\" data-id=\"981a082\" data-element_type=\"widget\" data-widget_type=\"text-editor.default\">\n\t\t\t\t<div class=\"elementor-widget-container\">\n\t\t\t\t\t\t\t\t\t<p>At Cl\u00ednica Cunha Coutinho, we are committed to providing our patients with the best possible care and ensuring that every appointment is a pleasant and positive experience. Fill in the form and take the first step towards a healthier and more beautiful smile.<\/p>\t\t\t\t\t\t\t\t<\/div>\n\t\t\t\t<\/div>\n\t\t\t\t<div class=\"elementor-element elementor-element-4638ab1 marcacao elementor-align-center elementor-mobile-align-left elementor-widget elementor-widget-button\" data-id=\"4638ab1\" data-element_type=\"widget\" data-widget_type=\"button.default\">\n\t\t\t\t<div class=\"elementor-widget-container\">\n\t\t\t\t\t\t\t\t\t<div class=\"elementor-button-wrapper\">\n\t\t\t\t\t<a class=\"elementor-button elementor-size-md\" role=\"button\">\n\t\t\t\t\t\t<span class=\"elementor-button-content-wrapper\">\n\t\t\t\t\t\t\t\t\t<span class=\"elementor-button-text\">Book<\/span>\n\t\t\t\t\t<\/span>\n\t\t\t\t\t<\/a>\n\t\t\t\t<\/div>\n\t\t\t\t\t\t\t\t<\/div>\n\t\t\t\t<\/div>\n\t\t\t\t\t<\/div>\n\t\t<\/div>\n\t\t\t\t\t<\/div>\n\t\t<\/section>\n\t\t\t\t<\/div>","protected":false},"excerpt":{"rendered":"<p>M\u00e9dico Jos\u00e9 da Cunha Coutinho Informa\u00e7\u00e3o Geral &#8211; Licenciado em Medicina pela Faculdade de Medicina da Universidade de Coimbra &#8211; Especialista em Medicina Geral (DL 251\/95 de 21\/9) &#8211; Especialista em Estomatologia (Especialidade da Ordem dos M\u00e9dicos) &#8211; Especialista em Ortodontia. (Subespecialidade da Ordem dos M\u00e9dicos) &#8211; Especialista em Gest\u00e3o de Unidades de Sa\u00fade (Compet\u00eancia [&hellip;]<\/p>","protected":false},"author":1,"featured_media":0,"parent":198,"menu_order":0,"comment_status":"closed","ping_status":"closed","template":"elementor_header_footer","meta":{"footnotes":""},"class_list":["post-854","page","type-page","status-publish","hentry"],"yoast_head":"<!-- This site is optimized with the Yoast SEO plugin v24.2 - https:\/\/yoast.com\/wordpress\/plugins\/seo\/ -->\n<title>Jos\u00e9 da Cunha Coutinho - Cl\u00ednica Cunha Coutinho<\/title>\n<meta name=\"robots\" content=\"index, follow, max-snippet:-1, max-image-preview:large, max-video-preview:-1\" \/>\n<link rel=\"canonical\" href=\"https:\/\/cunhacoutinhosaude.pt\/en\/a-clinica\/jose-da-cunha-coutinho\/\" \/>\n<meta property=\"og:locale\" content=\"en_GB\" \/>\n<meta property=\"og:type\" content=\"article\" \/>\n<meta property=\"og:title\" content=\"Jos\u00e9 da Cunha Coutinho - Cl\u00ednica Cunha Coutinho\" \/>\n<meta property=\"og:description\" content=\"M\u00e9dico Jos\u00e9 da Cunha Coutinho Informa\u00e7\u00e3o Geral &#8211; Licenciado em Medicina pela Faculdade de Medicina da Universidade de Coimbra &#8211; Especialista em Medicina Geral (DL 251\/95 de 21\/9) &#8211; Especialista em Estomatologia (Especialidade da Ordem dos M\u00e9dicos) &#8211; Especialista em Ortodontia. (Subespecialidade da Ordem dos M\u00e9dicos) &#8211; Especialista em Gest\u00e3o de Unidades de Sa\u00fade (Compet\u00eancia [&hellip;]\" \/>\n<meta property=\"og:url\" content=\"https:\/\/cunhacoutinhosaude.pt\/en\/a-clinica\/jose-da-cunha-coutinho\/\" \/>\n<meta property=\"og:site_name\" content=\"Cl\u00ednica Cunha Coutinho\" \/>\n<meta property=\"article:modified_time\" content=\"2026-02-27T15:32:53+00:00\" \/>\n<meta property=\"og:image\" content=\"https:\/\/cunhacoutinhosaude.pt\/wp-content\/uploads\/2023\/04\/Cunha-Coutinho-Saude-azanhastudio-038-scaled.jpg\" \/>\n\t<meta property=\"og:image:width\" content=\"1707\" \/>\n\t<meta property=\"og:image:height\" content=\"2560\" \/>\n\t<meta property=\"og:image:type\" content=\"image\/jpeg\" \/>\n<meta name=\"twitter:card\" content=\"summary_large_image\" \/>\n<meta name=\"twitter:label1\" content=\"Estimated reading time\" \/>\n\t<meta name=\"twitter:data1\" content=\"14 minutes\" \/>\n<script type=\"application\/ld+json\" class=\"yoast-schema-graph\">{\"@context\":\"https:\/\/schema.org\",\"@graph\":[{\"@type\":\"WebPage\",\"@id\":\"https:\/\/cunhacoutinhosaude.pt\/a-clinica\/jose-da-cunha-coutinho\/\",\"url\":\"https:\/\/cunhacoutinhosaude.pt\/a-clinica\/jose-da-cunha-coutinho\/\",\"name\":\"Jos\u00e9 da Cunha Coutinho - Cl\u00ednica Cunha Coutinho\",\"isPartOf\":{\"@id\":\"https:\/\/cunhacoutinhosaude.pt\/#website\"},\"primaryImageOfPage\":{\"@id\":\"https:\/\/cunhacoutinhosaude.pt\/a-clinica\/jose-da-cunha-coutinho\/#primaryimage\"},\"image\":{\"@id\":\"https:\/\/cunhacoutinhosaude.pt\/a-clinica\/jose-da-cunha-coutinho\/#primaryimage\"},\"thumbnailUrl\":\"https:\/\/cunhacoutinhosaude.pt\/wp-content\/uploads\/2023\/04\/Cunha-Coutinho-Saude-azanhastudio-038-scaled.jpg\",\"datePublished\":\"2023-05-03T17:42:34+00:00\",\"dateModified\":\"2026-02-27T15:32:53+00:00\",\"breadcrumb\":{\"@id\":\"https:\/\/cunhacoutinhosaude.pt\/a-clinica\/jose-da-cunha-coutinho\/#breadcrumb\"},\"inLanguage\":\"en-GB\",\"potentialAction\":[{\"@type\":\"ReadAction\",\"target\":[\"https:\/\/cunhacoutinhosaude.pt\/a-clinica\/jose-da-cunha-coutinho\/\"]}]},{\"@type\":\"ImageObject\",\"inLanguage\":\"en-GB\",\"@id\":\"https:\/\/cunhacoutinhosaude.pt\/a-clinica\/jose-da-cunha-coutinho\/#primaryimage\",\"url\":\"https:\/\/cunhacoutinhosaude.pt\/wp-content\/uploads\/2023\/04\/Cunha-Coutinho-Saude-azanhastudio-038-scaled.jpg\",\"contentUrl\":\"https:\/\/cunhacoutinhosaude.pt\/wp-content\/uploads\/2023\/04\/Cunha-Coutinho-Saude-azanhastudio-038-scaled.jpg\"},{\"@type\":\"BreadcrumbList\",\"@id\":\"https:\/\/cunhacoutinhosaude.pt\/a-clinica\/jose-da-cunha-coutinho\/#breadcrumb\",\"itemListElement\":[{\"@type\":\"ListItem\",\"position\":1,\"name\":\"In\u00edcio\",\"item\":\"https:\/\/cunhacoutinhosaude.pt\/\"},{\"@type\":\"ListItem\",\"position\":2,\"name\":\"A Cl\u00ednica\",\"item\":\"https:\/\/cunhacoutinhosaude.pt\/a-clinica\/\"},{\"@type\":\"ListItem\",\"position\":3,\"name\":\"Jos\u00e9 da Cunha Coutinho\"}]},{\"@type\":\"WebSite\",\"@id\":\"https:\/\/cunhacoutinhosaude.pt\/#website\",\"url\":\"https:\/\/cunhacoutinhosaude.pt\/\",\"name\":\"Cl\u00ednica Cunha Coutinho\",\"description\":\"\",\"publisher\":{\"@id\":\"https:\/\/cunhacoutinhosaude.pt\/#organization\"},\"potentialAction\":[{\"@type\":\"SearchAction\",\"target\":{\"@type\":\"EntryPoint\",\"urlTemplate\":\"https:\/\/cunhacoutinhosaude.pt\/?s={search_term_string}\"},\"query-input\":{\"@type\":\"PropertyValueSpecification\",\"valueRequired\":true,\"valueName\":\"search_term_string\"}}],\"inLanguage\":\"en-GB\"},{\"@type\":\"Organization\",\"@id\":\"https:\/\/cunhacoutinhosaude.pt\/#organization\",\"name\":\"Cl\u00ednica Cunha Coutinho\",\"url\":\"https:\/\/cunhacoutinhosaude.pt\/\",\"logo\":{\"@type\":\"ImageObject\",\"inLanguage\":\"en-GB\",\"@id\":\"https:\/\/cunhacoutinhosaude.pt\/#\/schema\/logo\/image\/\",\"url\":\"https:\/\/cunhacoutinhosaude.pt\/wp-content\/uploads\/2023\/04\/logo_cunha.svg\",\"contentUrl\":\"https:\/\/cunhacoutinhosaude.pt\/wp-content\/uploads\/2023\/04\/logo_cunha.svg\",\"width\":225,\"height\":58,\"caption\":\"Cl\u00ednica Cunha Coutinho\"},\"image\":{\"@id\":\"https:\/\/cunhacoutinhosaude.pt\/#\/schema\/logo\/image\/\"}}]}<\/script>\n<!-- \/ Yoast SEO plugin. -->","yoast_head_json":{"title":"Jos\u00e9 da Cunha Coutinho - Cl\u00ednica Cunha Coutinho","robots":{"index":"index","follow":"follow","max-snippet":"max-snippet:-1","max-image-preview":"max-image-preview:large","max-video-preview":"max-video-preview:-1"},"canonical":"https:\/\/cunhacoutinhosaude.pt\/en\/a-clinica\/jose-da-cunha-coutinho\/","og_locale":"en_GB","og_type":"article","og_title":"Jos\u00e9 da Cunha Coutinho - Cl\u00ednica Cunha Coutinho","og_description":"M\u00e9dico Jos\u00e9 da Cunha Coutinho Informa\u00e7\u00e3o Geral &#8211; Licenciado em Medicina pela Faculdade de Medicina da Universidade de Coimbra &#8211; Especialista em Medicina Geral (DL 251\/95 de 21\/9) &#8211; Especialista em Estomatologia (Especialidade da Ordem dos M\u00e9dicos) &#8211; Especialista em Ortodontia. (Subespecialidade da Ordem dos M\u00e9dicos) &#8211; Especialista em Gest\u00e3o de Unidades de Sa\u00fade (Compet\u00eancia [&hellip;]","og_url":"https:\/\/cunhacoutinhosaude.pt\/en\/a-clinica\/jose-da-cunha-coutinho\/","og_site_name":"Cl\u00ednica Cunha Coutinho","article_modified_time":"2026-02-27T15:32:53+00:00","og_image":[{"width":1707,"height":2560,"url":"https:\/\/cunhacoutinhosaude.pt\/wp-content\/uploads\/2023\/04\/Cunha-Coutinho-Saude-azanhastudio-038-scaled.jpg","type":"image\/jpeg"}],"twitter_card":"summary_large_image","twitter_misc":{"Estimated reading time":"14 minutes"},"schema":{"@context":"https:\/\/schema.org","@graph":[{"@type":"WebPage","@id":"https:\/\/cunhacoutinhosaude.pt\/a-clinica\/jose-da-cunha-coutinho\/","url":"https:\/\/cunhacoutinhosaude.pt\/a-clinica\/jose-da-cunha-coutinho\/","name":"Jos\u00e9 da Cunha Coutinho - Cl\u00ednica Cunha Coutinho","isPartOf":{"@id":"https:\/\/cunhacoutinhosaude.pt\/#website"},"primaryImageOfPage":{"@id":"https:\/\/cunhacoutinhosaude.pt\/a-clinica\/jose-da-cunha-coutinho\/#primaryimage"},"image":{"@id":"https:\/\/cunhacoutinhosaude.pt\/a-clinica\/jose-da-cunha-coutinho\/#primaryimage"},"thumbnailUrl":"https:\/\/cunhacoutinhosaude.pt\/wp-content\/uploads\/2023\/04\/Cunha-Coutinho-Saude-azanhastudio-038-scaled.jpg","datePublished":"2023-05-03T17:42:34+00:00","dateModified":"2026-02-27T15:32:53+00:00","breadcrumb":{"@id":"https:\/\/cunhacoutinhosaude.pt\/a-clinica\/jose-da-cunha-coutinho\/#breadcrumb"},"inLanguage":"en-GB","potentialAction":[{"@type":"ReadAction","target":["https:\/\/cunhacoutinhosaude.pt\/a-clinica\/jose-da-cunha-coutinho\/"]}]},{"@type":"ImageObject","inLanguage":"en-GB","@id":"https:\/\/cunhacoutinhosaude.pt\/a-clinica\/jose-da-cunha-coutinho\/#primaryimage","url":"https:\/\/cunhacoutinhosaude.pt\/wp-content\/uploads\/2023\/04\/Cunha-Coutinho-Saude-azanhastudio-038-scaled.jpg","contentUrl":"https:\/\/cunhacoutinhosaude.pt\/wp-content\/uploads\/2023\/04\/Cunha-Coutinho-Saude-azanhastudio-038-scaled.jpg"},{"@type":"BreadcrumbList","@id":"https:\/\/cunhacoutinhosaude.pt\/a-clinica\/jose-da-cunha-coutinho\/#breadcrumb","itemListElement":[{"@type":"ListItem","position":1,"name":"In\u00edcio","item":"https:\/\/cunhacoutinhosaude.pt\/"},{"@type":"ListItem","position":2,"name":"A Cl\u00ednica","item":"https:\/\/cunhacoutinhosaude.pt\/a-clinica\/"},{"@type":"ListItem","position":3,"name":"Jos\u00e9 da Cunha Coutinho"}]},{"@type":"WebSite","@id":"https:\/\/cunhacoutinhosaude.pt\/#website","url":"https:\/\/cunhacoutinhosaude.pt\/","name":"Cl\u00ednica Cunha Coutinho","description":"","publisher":{"@id":"https:\/\/cunhacoutinhosaude.pt\/#organization"},"potentialAction":[{"@type":"SearchAction","target":{"@type":"EntryPoint","urlTemplate":"https:\/\/cunhacoutinhosaude.pt\/?s={search_term_string}"},"query-input":{"@type":"PropertyValueSpecification","valueRequired":true,"valueName":"search_term_string"}}],"inLanguage":"en-GB"},{"@type":"Organization","@id":"https:\/\/cunhacoutinhosaude.pt\/#organization","name":"Cl\u00ednica Cunha Coutinho","url":"https:\/\/cunhacoutinhosaude.pt\/","logo":{"@type":"ImageObject","inLanguage":"en-GB","@id":"https:\/\/cunhacoutinhosaude.pt\/#\/schema\/logo\/image\/","url":"https:\/\/cunhacoutinhosaude.pt\/wp-content\/uploads\/2023\/04\/logo_cunha.svg","contentUrl":"https:\/\/cunhacoutinhosaude.pt\/wp-content\/uploads\/2023\/04\/logo_cunha.svg","width":225,"height":58,"caption":"Cl\u00ednica Cunha Coutinho"},"image":{"@id":"https:\/\/cunhacoutinhosaude.pt\/#\/schema\/logo\/image\/"}}]}},"_links":{"self":[{"href":"https:\/\/cunhacoutinhosaude.pt\/en\/wp-json\/wp\/v2\/pages\/854","targetHints":{"allow":["GET"]}}],"collection":[{"href":"https:\/\/cunhacoutinhosaude.pt\/en\/wp-json\/wp\/v2\/pages"}],"about":[{"href":"https:\/\/cunhacoutinhosaude.pt\/en\/wp-json\/wp\/v2\/types\/page"}],"author":[{"embeddable":true,"href":"https:\/\/cunhacoutinhosaude.pt\/en\/wp-json\/wp\/v2\/users\/1"}],"replies":[{"embeddable":true,"href":"https:\/\/cunhacoutinhosaude.pt\/en\/wp-json\/wp\/v2\/comments?post=854"}],"version-history":[{"count":0,"href":"https:\/\/cunhacoutinhosaude.pt\/en\/wp-json\/wp\/v2\/pages\/854\/revisions"}],"up":[{"embeddable":true,"href":"https:\/\/cunhacoutinhosaude.pt\/en\/wp-json\/wp\/v2\/pages\/198"}],"wp:attachment":[{"href":"https:\/\/cunhacoutinhosaude.pt\/en\/wp-json\/wp\/v2\/media?parent=854"}],"curies":[{"name":"wp","href":"https:\/\/api.w.org\/{rel}","templated":true}]}}